{"id":752,"date":"2015-11-14T22:57:14","date_gmt":"2015-11-14T21:57:14","guid":{"rendered":"https:\/\/www.heenalu.fr\/de\/lecole\/"},"modified":"2025-03-03T11:09:53","modified_gmt":"2025-03-03T10:09:53","slug":"die-schule","status":"publish","type":"page","link":"https:\/\/www.heenalu.fr\/de\/die-schule\/","title":{"rendered":"Die Schule"},"content":{"rendered":"<p>[vc_row bg_position=&#8220;center top&#8220; row_parallax=&#8220;false&#8220;][vc_column][vc_column_text]<\/p>\n<h2 class=\"paragraph_style\"><span class=\"style_1\">Der Geist der Schule<\/span><\/h2>\n<p>[\/vc_column_text][\/vc_column][\/vc_row][vc_row row_type=&#8220;row_fullwidth_content&#8220; bg_image=&#8220;1647&#8243; bg_position=&#8220;center center&#8220; class=&#8220;banner&#8220;][vc_column][\/vc_column][\/vc_row][vc_row bg_position=&#8220;center top&#8220; row_parallax=&#8220;false&#8220;][vc_column][vc_column_text]Surfen findet in einer faszinierenden nat\u00fcrlichen Umgebung statt, und das Erlernen des Surfens ist untrennbar mit dem Wissen und dem Verst\u00e4ndnis dieser Umgebung verbunden. Surfen ist das Gleiten, das von der Energie einer Welle getragen wird, und He&#8217;enalu (vom hawaiianischen &#8222;he&#8217;e&#8220; &#8211; das Gleiten und &#8222;nalu&#8220; &#8211; die Welle) fasst den Geist dieser uralten Praxis zusammen.<\/p>\n<p>Olivier gr\u00fcndete die Schule im Jahr 2008, um seine Leidenschaft, seine Erfahrung und seinen Enthusiasmus weiterzugeben. Surflehrer ist f\u00fcr ihn also mehr als nur ein Beruf, sondern eine echte \u201eLeidenschaft\u201c. Dank der \u00fcberschaubaren Gr\u00f6\u00dfe der Schule kann er seine Sch\u00fcler besser kennenlernen und ihre Betreuung \u00fcber mehrere Jahre hinweg erleichtern. Die Sch\u00fcler f\u00fchlen sich alle zu einer gro\u00dfen Familie zugeh\u00f6rig.<\/p>\n<p>Im Sommer findet der Unterricht am Strand von Kermabec in Tr\u00e9guennec und am benachbarten Spot n\u00f6rdlich des Teichs von Trunvel, am Strand von Kerbinigou in Tr\u00e9ogat, statt.<\/p>\n<p>Er ist in der Nebensaison unterwegs und bietet seinen Sch\u00fclern in der Nebensaison die M\u00f6glichkeit, die wichtigsten Spots der Bucht von Audierne in aller Sicherheit zu erkunden und die besten Wellen des Tages zu surfen.[\/vc_column_text][\/vc_column][\/vc_row][vc_row][vc_column][vc_column_text]<\/p>\n<h2 class=\"paragraph_style_3\"><span class=\"style_1\">Die Surfkurse<\/span><\/h2>\n<p>[\/vc_column_text][\/vc_column][\/vc_row][vc_row row_type=&#8220;row_fullwidth_content&#8220; bg_image=&#8220;1583&#8243; bg_position=&#8220;center center&#8220; class=&#8220;banner&#8220;][vc_column][\/vc_column][\/vc_row][vc_row row_id=&#8220;list&#8220;][vc_column][vc_column_text]<\/p>\n<ul>\n<li class=\"Standard\"><i class=\"fa-solid fa-bolt\"><\/i>Unterricht durch einen staatlich gepr\u00fcften Lehrer.<\/li>\n<li class=\"Standard\"><i class=\"fa-solid fa-bolt\"><\/i>Die Gruppenkurse haben eine Dauer von 2 Stunden.<\/li>\n<li class=\"Standard\"><i class=\"fa-solid fa-bolt\"><\/i>Maximal 8 Personen pro Lehrer &#8211; Gruppen, die nach Alter\/Niveau harmonisiert sind.<\/li>\n<li class=\"Standard\"><i class=\"fa-solid fa-bolt\"><\/i>Leihe der Ausr\u00fcstung (Bretter und Neoprenanz\u00fcge) und Versicherung inbegriffen.<\/li>\n<li class=\"Standard\"><i class=\"fa-solid fa-bolt\"><\/i>Unterricht auf Franz\u00f6sisch, Englisch und Spanisch.<\/li>\n<\/ul>\n<p>Zu Beginn jeder Sitzung sprechen wir \u00fcber die Besonderheiten der Surfbedingungen des Tages und die Besonderheiten des Spots, bevor wir eine kurze Einf\u00fchrung ins Bodysurfen geben und systematisch an die Sicherheitsvorschriften erinnern. Dann geht es ab in die Wellen und das Gleiten beginnt!<\/p>\n<p>Die Erkl\u00e4rungsphasen im Sand wechseln sich mit \u00dcbungen im Wasser und pers\u00f6nlichem Feedback ab, und das alles in guter Stimmung. Zu jeder Zeit ist der Lehrer da, um Ihre Fragen zu beantworten, Sie zu ermutigen und Ihnen so zu erm\u00f6glichen, sich dank eines individuellen und pers\u00f6nlichen Ansatzes in Ihrem Rhythmus zu entwickeln.<\/p>\n<p>Ziel ist es dann, die ersten \u201eTake-offs\u201c (Rudern, Lenken und Aufrichten) im Schaum zu machen.<\/p>\n<p>Besondere Aufmerksamkeit wird Ihren W\u00fcnschen gewidmet, um Sie auf dem Weg zu Ihren Zielen zu begleiten. Diese k\u00f6nnen von der einfachen Entdeckung der Aktivit\u00e4t bis hin zur Perfektionierung (Arbeit an der Geschwindigkeit, den Man\u00f6vern, dem Stil&#8230;) reichen oder auch einfach nur eine gute Zeit im Ozean verbringen.[\/vc_column_text][vc_column_text]<\/p>\n<h2 class=\"paragraph_style_3\"><span class=\"style_5\">Le mat\u00e9riel<\/span><span class=\"style_6\"><br \/>\n<\/span><\/h2>\n<p>[\/vc_column_text][vc_column_text]<\/p>\n<p class=\"Textbody\">Profitieren Sie von einer gro\u00dfen Auswahl an Softboards und einer breiten Palette an 4\/3mm Ganzk\u00f6rperanz\u00fcgen in allen Gr\u00f6\u00dfen, von 4 Jahren bis XXL. F\u00fcr Ihren Komfort und aus hygienischen Gr\u00fcnden werden unsere Anz\u00fcge systematisch gereinigt, mit Bacterless desinfiziert und getrocknet.<\/p>\n<p>[\/vc_column_text][vc_media_grid element_width=&#8220;2&#8243; grid_id=&#8220;vc_gid:1740996491428-b880b482-a913-6&#8243; include=&#8220;1589,1595,1601,1598,1616,1619,977,1634,1592,1631,1628,1625,1622,1610,1607,1604,1637,1650&#8243;][\/vc_column][\/vc_row][vc_row][vc_column][vc_column_text]<\/p>\n<h2 class=\"paragraph_style_3\"><span class=\"style_1\">IHR SURFLEHRER<\/span><\/h2>\n<p>[\/vc_column_text][\/vc_column][\/vc_row][vc_row row_type=&#8220;row_fullwidth_content&#8220; bg_image=&#8220;1680&#8243; bg_position=&#8220;center center&#8220; class=&#8220;banner&#8220;][vc_column][\/vc_column][\/vc_row][vc_row][vc_column][vc_column_text]<\/p>\n<div>\n<p>Olivier, der mit Leib und Seele Free-Surfer ist, beginnt jedoch mit Longboard-Wettbewerben auf Departements-, Regional- und schlie\u00dflich auf nationaler Ebene. Er wurde 2002 Vizemeister des Finist\u00e8re und 2003 und 2004 Vizemeister der Bretagne im Longboard.<\/p>\n<p>Nach dem Abschluss seines DESS-Studiums im Recht der maritimen Aktivit\u00e4ten reiste er von 2001 bis 2005 um den Globus, um fast alle Ozeane zu surfen (Mexiko, Irland, England, Frankreich, Spanien, Portugal, Madeira, Kanarische Inseln, Marokko, Mauritius und La R\u00e9union, Indonesien, Peru, Martinique, Guadeloupe).<\/p>\n<p>Nach seiner R\u00fcckkehr in die Bretagne im Jahr 2006 beschloss er, seinen Traum zu verwirklichen und seine Leidenschaft zum Beruf zu machen.<\/p>\n<blockquote><p>Mein Wunsch war es, meine Leidenschaft mit meiner beruflichen T\u00e4tigkeit an meinem Heimatort zu verbinden und gleichzeitig die Nachfrage nach Gleitsportarten zu befriedigen. Ich habe seit meinen ersten Schritten auf dem Surfbrett eine echte Leidenschaft f\u00fcr das Surfen entwickelt und wollte diese Begeisterung nat\u00fcrlich an meine Sch\u00fcler weitergeben.<\/p><\/blockquote>\n<\/div>\n<div><\/div>\n<p>[\/vc_column_text][vc_media_grid grid_id=&#8220;vc_gid:1740996491567-ec8b45c9-bb9a-3&#8243; include=&#8220;1676,1673,1670,1667,1664,424&#8243;][\/vc_column][\/vc_row]<\/p>\n","protected":false},"excerpt":{"rendered":"<p>[vc_row bg_position=&#8220;center top&#8220; row_parallax=&#8220;false&#8220;][vc_column][vc_column_text] Der Geist der Schule [\/vc_column_text][\/vc_column][\/vc_row][vc_row row_type=&#8220;row_fullwidth_content&#8220; bg_image=&#8220;1647&#8243; bg_position=&#8220;center center&#8220; class=&#8220;banner&#8220;][vc_column][\/vc_column][\/vc_row][vc_row bg_position=&#8220;center top&#8220; row_parallax=&#8220;false&#8220;][vc_column][vc_column_text]Surfen findet in einer faszinierenden nat\u00fcrlichen Umgebung statt, und das Erlernen des Surfens ist untrennbar mit dem Wissen und dem Verst\u00e4ndnis dieser Umgebung verbunden. Surfen ist das Gleiten, das von der Energie einer Welle getragen wird, und He&#8217;enalu (vom [&hellip;]<\/p>\n","protected":false},"author":1,"featured_media":0,"parent":0,"menu_order":0,"comment_status":"closed","ping_status":"closed","template":"","meta":{"_acf_changed":false,"footnotes":""},"class_list":["post-752","page","type-page","status-publish","hentry"],"acf":[],"yoast_head":"<!-- This site is optimized with the Yoast SEO Premium plugin v20.8 (Yoast SEO v24.6) - https:\/\/yoast.com\/wordpress\/plugins\/seo\/ -->\n<title>Die Surfschule in Tr\u00e9guennec im Finist\u00e8re direkt neben der Fackel<\/title>\n<meta name=\"description\" content=\"Gruppen- und Privatunterricht in Surfen, Bodyboard, Longboard, Stand up Paddle, Tandem-Surfen in Form von Kursen und Angeboten. Der Surfgeist in der Bucht von Audierne auf dem Gel\u00e4nde von Treguennec in der N\u00e4he von La Torche, in einem au\u00dfergew\u00f6hnlichen Rahmen zwischen Teichen und Ozeanen.\" \/>\n<meta name=\"robots\" content=\"index, follow, max-snippet:-1, max-image-preview:large, max-video-preview:-1\" \/>\n<link rel=\"canonical\" href=\"https:\/\/www.heenalu.fr\/de\/die-schule\/\" \/>\n<meta property=\"og:locale\" content=\"de_DE\" \/>\n<meta property=\"og:type\" content=\"article\" \/>\n<meta property=\"og:title\" content=\"Die Schule\" \/>\n<meta property=\"og:description\" content=\"Gruppen- und Privatunterricht in Surfen, Bodyboard, Longboard, Stand up Paddle, Tandem-Surfen in Form von Kursen und Angeboten. Der Surfgeist in der Bucht von Audierne auf dem Gel\u00e4nde von Treguennec in der N\u00e4he von La Torche, in einem au\u00dfergew\u00f6hnlichen Rahmen zwischen Teichen und Ozeanen.\" \/>\n<meta property=\"og:url\" content=\"https:\/\/www.heenalu.fr\/de\/die-schule\/\" \/>\n<meta property=\"og:site_name\" content=\"He&#039;enalu\" \/>\n<meta property=\"article:publisher\" content=\"https:\/\/www.facebook.com\/ecoledesurf.heenalu\/\" \/>\n<meta property=\"article:modified_time\" content=\"2025-03-03T10:09:53+00:00\" \/>\n<meta name=\"twitter:card\" content=\"summary_large_image\" \/>\n<meta name=\"twitter:label1\" content=\"Gesch\u00e4tzte Lesezeit\" \/>\n\t<meta name=\"twitter:data1\" content=\"4\u00a0Minuten\" \/>\n<script type=\"application\/ld+json\" class=\"yoast-schema-graph\">{\"@context\":\"https:\/\/schema.org\",\"@graph\":[{\"@type\":\"WebPage\",\"@id\":\"https:\/\/www.heenalu.fr\/de\/die-schule\/\",\"url\":\"https:\/\/www.heenalu.fr\/de\/die-schule\/\",\"name\":\"Die Surfschule in Tr\u00e9guennec im Finist\u00e8re direkt neben der Fackel\",\"isPartOf\":{\"@id\":\"https:\/\/www.heenalu.fr\/#website\"},\"datePublished\":\"2015-11-14T21:57:14+00:00\",\"dateModified\":\"2025-03-03T10:09:53+00:00\",\"description\":\"Gruppen- und Privatunterricht in Surfen, Bodyboard, Longboard, Stand up Paddle, Tandem-Surfen in Form von Kursen und Angeboten. Der Surfgeist in der Bucht von Audierne auf dem Gel\u00e4nde von Treguennec in der N\u00e4he von La Torche, in einem au\u00dfergew\u00f6hnlichen Rahmen zwischen Teichen und Ozeanen.\",\"breadcrumb\":{\"@id\":\"https:\/\/www.heenalu.fr\/de\/die-schule\/#breadcrumb\"},\"inLanguage\":\"de\",\"potentialAction\":[{\"@type\":\"ReadAction\",\"target\":[\"https:\/\/www.heenalu.fr\/de\/die-schule\/\"]}]},{\"@type\":\"BreadcrumbList\",\"@id\":\"https:\/\/www.heenalu.fr\/de\/die-schule\/#breadcrumb\",\"itemListElement\":[{\"@type\":\"ListItem\",\"position\":1,\"name\":\"Home\",\"item\":\"https:\/\/www.heenalu.fr\/de\/\"},{\"@type\":\"ListItem\",\"position\":2,\"name\":\"Die Schule\"}]},{\"@type\":\"WebSite\",\"@id\":\"https:\/\/www.heenalu.fr\/#website\",\"url\":\"https:\/\/www.heenalu.fr\/\",\"name\":\"He&#039;enalu\",\"description\":\"\",\"potentialAction\":[{\"@type\":\"SearchAction\",\"target\":{\"@type\":\"EntryPoint\",\"urlTemplate\":\"https:\/\/www.heenalu.fr\/?s={search_term_string}\"},\"query-input\":{\"@type\":\"PropertyValueSpecification\",\"valueRequired\":true,\"valueName\":\"search_term_string\"}}],\"inLanguage\":\"de\"}]}<\/script>\n<!-- \/ Yoast SEO Premium plugin. -->","yoast_head_json":{"title":"Die Surfschule in Tr\u00e9guennec im Finist\u00e8re direkt neben der Fackel","description":"Gruppen- und Privatunterricht in Surfen, Bodyboard, Longboard, Stand up Paddle, Tandem-Surfen in Form von Kursen und Angeboten. Der Surfgeist in der Bucht von Audierne auf dem Gel\u00e4nde von Treguennec in der N\u00e4he von La Torche, in einem au\u00dfergew\u00f6hnlichen Rahmen zwischen Teichen und Ozeanen.","robots":{"index":"index","follow":"follow","max-snippet":"max-snippet:-1","max-image-preview":"max-image-preview:large","max-video-preview":"max-video-preview:-1"},"canonical":"https:\/\/www.heenalu.fr\/de\/die-schule\/","og_locale":"de_DE","og_type":"article","og_title":"Die Schule","og_description":"Gruppen- und Privatunterricht in Surfen, Bodyboard, Longboard, Stand up Paddle, Tandem-Surfen in Form von Kursen und Angeboten. Der Surfgeist in der Bucht von Audierne auf dem Gel\u00e4nde von Treguennec in der N\u00e4he von La Torche, in einem au\u00dfergew\u00f6hnlichen Rahmen zwischen Teichen und Ozeanen.","og_url":"https:\/\/www.heenalu.fr\/de\/die-schule\/","og_site_name":"He&#039;enalu","article_publisher":"https:\/\/www.facebook.com\/ecoledesurf.heenalu\/","article_modified_time":"2025-03-03T10:09:53+00:00","twitter_card":"summary_large_image","twitter_misc":{"Gesch\u00e4tzte Lesezeit":"4\u00a0Minuten"},"schema":{"@context":"https:\/\/schema.org","@graph":[{"@type":"WebPage","@id":"https:\/\/www.heenalu.fr\/de\/die-schule\/","url":"https:\/\/www.heenalu.fr\/de\/die-schule\/","name":"Die Surfschule in Tr\u00e9guennec im Finist\u00e8re direkt neben der Fackel","isPartOf":{"@id":"https:\/\/www.heenalu.fr\/#website"},"datePublished":"2015-11-14T21:57:14+00:00","dateModified":"2025-03-03T10:09:53+00:00","description":"Gruppen- und Privatunterricht in Surfen, Bodyboard, Longboard, Stand up Paddle, Tandem-Surfen in Form von Kursen und Angeboten. Der Surfgeist in der Bucht von Audierne auf dem Gel\u00e4nde von Treguennec in der N\u00e4he von La Torche, in einem au\u00dfergew\u00f6hnlichen Rahmen zwischen Teichen und Ozeanen.","breadcrumb":{"@id":"https:\/\/www.heenalu.fr\/de\/die-schule\/#breadcrumb"},"inLanguage":"de","potentialAction":[{"@type":"ReadAction","target":["https:\/\/www.heenalu.fr\/de\/die-schule\/"]}]},{"@type":"BreadcrumbList","@id":"https:\/\/www.heenalu.fr\/de\/die-schule\/#breadcrumb","itemListElement":[{"@type":"ListItem","position":1,"name":"Home","item":"https:\/\/www.heenalu.fr\/de\/"},{"@type":"ListItem","position":2,"name":"Die Schule"}]},{"@type":"WebSite","@id":"https:\/\/www.heenalu.fr\/#website","url":"https:\/\/www.heenalu.fr\/","name":"He&#039;enalu","description":"","potentialAction":[{"@type":"SearchAction","target":{"@type":"EntryPoint","urlTemplate":"https:\/\/www.heenalu.fr\/?s={search_term_string}"},"query-input":{"@type":"PropertyValueSpecification","valueRequired":true,"valueName":"search_term_string"}}],"inLanguage":"de"}]}},"_links":{"self":[{"href":"https:\/\/www.heenalu.fr\/de\/wp-json\/wp\/v2\/pages\/752","targetHints":{"allow":["GET"]}}],"collection":[{"href":"https:\/\/www.heenalu.fr\/de\/wp-json\/wp\/v2\/pages"}],"about":[{"href":"https:\/\/www.heenalu.fr\/de\/wp-json\/wp\/v2\/types\/page"}],"author":[{"embeddable":true,"href":"https:\/\/www.heenalu.fr\/de\/wp-json\/wp\/v2\/users\/1"}],"replies":[{"embeddable":true,"href":"https:\/\/www.heenalu.fr\/de\/wp-json\/wp\/v2\/comments?post=752"}],"version-history":[{"count":8,"href":"https:\/\/www.heenalu.fr\/de\/wp-json\/wp\/v2\/pages\/752\/revisions"}],"predecessor-version":[{"id":1693,"href":"https:\/\/www.heenalu.fr\/de\/wp-json\/wp\/v2\/pages\/752\/revisions\/1693"}],"wp:attachment":[{"href":"https:\/\/www.heenalu.fr\/de\/wp-json\/wp\/v2\/media?parent=752"}],"curies":[{"name":"wp","href":"https:\/\/api.w.org\/{rel}","templated":true}]}}